{"id":987476603,"date":"2022-07-18T12:51:39","date_gmt":"2022-07-18T10:51:39","guid":{"rendered":"https:\/\/www.claresco-cosmetic.de\/kosmetik-shop\/?post_type=product&#038;p=987476603"},"modified":"2025-12-31T18:21:07","modified_gmt":"2025-12-31T17:21:07","slug":"relax-move-oil","status":"publish","type":"product","link":"https:\/\/www.claresco-cosmetic.de\/kosmetik-shop\/produkt\/relax-move-oil\/","title":{"rendered":"Relax &#038; Move Oil"},"content":{"rendered":"<h5>Produktinformation<\/h5>\n<p>Das Relax &amp; Move Oil pflegt K\u00f6rper, Geist und Seele vor und nach k\u00f6rperlicher Anstrengung. Die Rezeptur vereint reinen schwarzen Sesam Ursamen mit ausgew\u00e4hlten Kr\u00e4utern wie Kampfer, die in ihrem Zusammenspiel eine wohltuende Wirkung auf den gesamten Bewegungsapparat haben.<\/p>\n<p>M\u00fcde Muskeln und Gelenke werden belebt, Verspannungen gel\u00f6st. Gleichzeitig entspannt es das Nervensystem und f\u00f6rdert so einen guten Schlaf.<\/p>\n<p>&nbsp;<\/p>\n<h5>Anwendung<\/h5>\n<p>Tragen Sie das RELAX &amp; MOVE OIL pur auf schmerzende und verspannte Stellen auf und massieren Sie es ein. F\u00fcr eine st\u00e4rkere Wirkung mischen Sie es mit der BODY LOTION.\u200b<\/p>\n<p>W\u00e4hrend der Schwangerschaft ist eine Anwendung nicht empfohlen.<\/p>\n<p>&nbsp;<\/p>\n<h5>Empfohlen f\u00fcr<\/h5>\n<ul>\n<li>Verspannungen und Muskelkater \u2192 entspannt Muskeln und Gelenke \u200b<\/li>\n<li>Gelenkentz\u00fcndungen \u2192 wirkt entz\u00fcndungshemmend\u200b<\/li>\n<li>Rheumatische Beschwerden \u2192 mildert Schmerzen und entspannt\u200b<\/li>\n<li>Erk\u00e4ltungen\u200b \u2192 \u00f6ffnet die Atemwege in Verbindung mit einer Brustmassage\u200b<\/li>\n<li>Kalte F\u00fc\u00dfe \u2192 spendet wohltuende W\u00e4rme\u200b<\/li>\n<li>Sportler &amp; sportlich Aktive \u2192 wirkt entspannend und aktiviert die Durchblutung<\/li>\n<\/ul>\n<p>&nbsp;<\/p>\n[et_pb_section global_module=\"987493092\"][\/et_pb_section]\n","protected":false},"excerpt":{"rendered":"<p>Wohltuendes K\u00f6rper\u00f6l f\u00fcr Muskeln &amp; Gelenke aus reinem schwarzen Sesam Ursamen<\/p>\n<p>&nbsp;<\/p>\n<ul>\n<li>wohltuendes Kr\u00e4uter\u00f6l aus der ayurvedischen Tradition \u200b<\/li>\n<li>w\u00e4rmt und aktiviert die Durchblutung der Muskulatur<\/li>\n<li>l\u00f6st Verspannungen und Verkrampfungen \u200b<\/li>\n<li>lindert Schmerzen entz\u00fcndeter Gelenke \u200b<\/li>\n<li>befreit die Atemwege\u200b<\/li>\n<li>aus echten Heil- und Verj\u00fcngungspflanzen, sacred plants<\/li>\n<\/ul>\n","protected":false},"featured_media":987476595,"comment_status":"open","ping_status":"closed","template":"","meta":{"_et_pb_use_builder":"","_et_pb_old_content":"","_et_gb_content_width":""},"product_brand":[473],"product_cat":[251,85,249,213,240,239],"product_tag":[302,300,60,299,301,303,304],"class_list":{"0":"post-987476603","1":"product","2":"type-product","3":"status-publish","4":"has-post-thumbnail","6":"product_brand-pharmos-natur","7":"product_cat-pharmos-alle-naturkosmetik","8":"product_cat-koerper","9":"product_cat-pharmos-koerperpflege","10":"product_cat-koerperpflege","11":"product_cat-pharmos-naturkosmetik","12":"product_cat-pharmos-natur","13":"product_tag-entspannung","14":"product_tag-gelenke","15":"product_tag-koerperoel","16":"product_tag-muskeln","17":"product_tag-schlaf","18":"product_tag-schmerzen","19":"product_tag-verspannungen","21":"first","22":"onbackorder","23":"taxable","24":"shipping-taxable","25":"purchasable","26":"product-type-simple"},"booking_location":null,"booking_location_type":null,"booking_duration":null,"booking_duration_unit":null,"booking_buffer":null,"booking_cost":null,"booking_resources":null,"exclude_global_add_ons":[],"addons":[],"_links":{"self":[{"href":"https:\/\/www.claresco-cosmetic.de\/kosmetik-shop\/wp-json\/wp\/v2\/product\/987476603","targetHints":{"allow":["GET"]}}],"collection":[{"href":"https:\/\/www.claresco-cosmetic.de\/kosmetik-shop\/wp-json\/wp\/v2\/product"}],"about":[{"href":"https:\/\/www.claresco-cosmetic.de\/kosmetik-shop\/wp-json\/wp\/v2\/types\/product"}],"replies":[{"embeddable":true,"href":"https:\/\/www.claresco-cosmetic.de\/kosmetik-shop\/wp-json\/wp\/v2\/comments?post=987476603"}],"wp:featuredmedia":[{"embeddable":true,"href":"https:\/\/www.claresco-cosmetic.de\/kosmetik-shop\/wp-json\/wp\/v2\/media\/987476595"}],"wp:attachment":[{"href":"https:\/\/www.claresco-cosmetic.de\/kosmetik-shop\/wp-json\/wp\/v2\/media?parent=987476603"}],"wp:term":[{"taxonomy":"product_brand","embeddable":true,"href":"https:\/\/www.claresco-cosmetic.de\/kosmetik-shop\/wp-json\/wp\/v2\/product_brand?post=987476603"},{"taxonomy":"product_cat","embeddable":true,"href":"https:\/\/www.claresco-cosmetic.de\/kosmetik-shop\/wp-json\/wp\/v2\/product_cat?post=987476603"},{"taxonomy":"product_tag","embeddable":true,"href":"https:\/\/www.claresco-cosmetic.de\/kosmetik-shop\/wp-json\/wp\/v2\/product_tag?post=987476603"}],"curies":[{"name":"wp","href":"https:\/\/api.w.org\/{rel}","templated":true}]}}