{"id":987478302,"date":"2023-01-13T20:04:37","date_gmt":"2023-01-13T19:04:37","guid":{"rendered":"https:\/\/www.claresco-cosmetic.de\/kosmetik-shop\/?post_type=product&#038;p=987478302"},"modified":"2026-03-20T14:13:14","modified_gmt":"2026-03-20T13:13:14","slug":"jakob-marie-sonne","status":"publish","type":"product","link":"https:\/\/www.claresco-cosmetic.de\/kosmetik-shop\/produkt\/jakob-marie-sonne\/","title":{"rendered":"Jakob &#038; Marie Sonne"},"content":{"rendered":"<h5>Anwendungsgebiete:<\/h5>\n<p>Als Sonnenschutz in allen F\u00e4llen, in denen eine langsame Anpassung der Haut an die Sonne nicht m\u00f6glich ist. Bei mehrmaligem Auftragen zum Schutz gegen sehr starke UV-Strahlung und f\u00fcr besonders empfindliche Haut (Babyhaut, helle Hauttypen) geeignet.<\/p>\n<p>&nbsp;<\/p>\n<h5>Wirkungsweise:<\/h5>\n<p>Die Wasser in \u00d6l Emulsion ist nur schwer wasserl\u00f6slich und h\u00e4lt die Haut feucht, glatt und geschmeidig. Die Sonnenschutz Emulsion beugt der negativen Wirkung der Strahlung mithilfe folgender Schutzmechanismen vor:<\/p>\n<ul>\n<li>\u00a0Durch Reflexion: Titandioxid, Kieselerde und Zinkoxid bilden einen, das gesamte Lichtspektrum reflektierenden Schutz. Die Wirkung des Reflektionsschutzes h\u00e4ngt von der Dicke der aufgetragenen Schicht ab.<\/li>\n<li>Panthenol unterst\u00fctzt die Strahlenanpassung der Hornschicht durch die Bildung der sogenannten Lichtschwiele.<\/li>\n<li>\u00dcber das Abfangen freier Radikale: die Bestandteile des Himbeersamenextraktes fangen freie Radikale ab und verhindern so eine Sch\u00e4digung der Haut durch UV-Strahlen.<\/li>\n<\/ul>\n<p>&nbsp;<\/p>\n<h5>Anwendung:<\/h5>\n<p>Menge, Einwirkungszeit und H\u00e4ufigkeit der Anwendung ist nach dem individuellen und aktuellen Hautzustand\u00a0 und der zu erwartenden Strahlenintensit\u00e4t festzulegen.<\/p>\n<p>Den gew\u00fcnschten Lichtschutzfaktor kann man durch die Menge und die H\u00e4ufigkeit der aufgetragenen Creme selbst einstellen. Bei regelm\u00e4\u00dfiges Auftragen gew\u00e4hrt Jakob+Marie Sonne einen sehr starken Schutz gegen UV-Strahlung. Mehrmaliges Auftragen erh\u00f6ht die Schutzwirkung und die Cremes reflektieren sofort die UV-Strahlung &#8211; ohne Wartezeit, wie sie bei den chemischen Filtersubstanzen erforderlich w\u00e4ren.<\/p>\n<p>Bei einem deckenden Auftrag kann man 100%igen Schutz erzielen. Bei normaler Anwendung ben\u00f6tigt die Haut einen bestimmten Anpassungszeitraum an die Strahlung um den vollst\u00e4ndigen, hauteigenen Sonnenschutz zu bilden. Bei rascher Ver\u00e4nderung der Strahlenintensit\u00e4t \u2013 z. B. bei Reisen \u00fcber mehrere Breitengrade \u2013 tritt die nat\u00fcrliche Anpassung der Haut zu langsam ein. Es ist deshalb ratsam, die Haut in den ersten Tagen zus\u00e4tzlich durch entsprechende Kleidung zu sch\u00fctzen.<\/p>\n<p>&nbsp;<\/p>\n<p>&nbsp;<\/p>\n","protected":false},"excerpt":{"rendered":"<ul>\n<li>H\u00f6chster Lichtschutz f\u00fcr empfindlichste Haut<\/li>\n<li>F\u00fcr Erwachsene und bestens f\u00fcr die Kinder- und Babyhaut geeignet.<\/li>\n<\/ul>\n","protected":false},"featured_media":987483534,"comment_status":"open","ping_status":"closed","template":"","meta":{"_et_pb_use_builder":"off","_et_pb_old_content":"<strong>Anwendungsgebiete:<\/strong>\r\n\r\nBei d\u00fcnner, trockener und sensibler Haut, bei St\u00f6rungen im Wasserhaushalt der Haut, sowie zur Intervalltherapie mit phase 2 aktive regeneration.\r\n\r\n\u00a0\r\n\r\n<strong>Wirkungsweise:<\/strong>\r\n\r\nphase 2 intervall bindet \u00fcber l\u00e4ngere Zeit Fett und Feuchtigkeit in den \u00e4u\u00dferen Hautschichten. Die Wiederherstellung des Gleichgewichtes im Wasserhaushalt der Haut wird mit Hilfe des Mineralstoffkomplexes und Hyalurons\u00e4ure unterst\u00fctzt. Besonders effektiv ist phase 2 intervall auch bei Verhornungsst\u00f6rungen und \u00dcberverhornung.\r\n\r\n\u00a0\r\n\r\n<strong>Anwendung:<\/strong>\r\n\r\nMenge, Einwirkungszeit und H\u00e4ufigkeit der Anwendung ist nach dem individuellen und aktuellen Hautzustand festzulegen.\r\n\r\n\u00a0\r\n\r\n<strong>Gegenanzeigen:<\/strong>\r\n\r\nBei bekannter Unvertr\u00e4glichkeit von Avocado-\u00d6l sollte das Produkt nicht verwendet werden.\r\n\r\n<span style=\"font-weight: bold\">\u00a0<\/span>","_et_gb_content_width":""},"product_brand":[472],"product_cat":[372,84,98,85,43,99,227,228],"product_tag":[353,354,64,352,291,167,166],"class_list":{"0":"post-987478302","1":"product","2":"type-product","3":"status-publish","4":"has-post-thumbnail","6":"product_brand-rosel-heim","7":"product_cat-alle-rosel-heim-produkte","8":"product_cat-gesicht","9":"product_cat-kinderpflege-jakob-marie","10":"product_cat-koerper","11":"product_cat-rosel-heim","12":"product_cat-rh-sonne","13":"product_cat-gesichtssonnenschutz","14":"product_cat-koerpersonnenschutz","15":"product_tag-babyhaut","16":"product_tag-hautprobleme","17":"product_tag-hautschutz","18":"product_tag-kinderpflege","19":"product_tag-neurodermitis","20":"product_tag-sonnencreme","21":"product_tag-sonnenschutz","23":"first","24":"instock","25":"taxable","26":"shipping-taxable","27":"purchasable","28":"product-type-variable"},"booking_location":null,"booking_location_type":null,"booking_duration":null,"booking_duration_unit":null,"booking_buffer":null,"booking_cost":null,"booking_resources":null,"exclude_global_add_ons":[],"addons":[],"_links":{"self":[{"href":"https:\/\/www.claresco-cosmetic.de\/kosmetik-shop\/wp-json\/wp\/v2\/product\/987478302","targetHints":{"allow":["GET"]}}],"collection":[{"href":"https:\/\/www.claresco-cosmetic.de\/kosmetik-shop\/wp-json\/wp\/v2\/product"}],"about":[{"href":"https:\/\/www.claresco-cosmetic.de\/kosmetik-shop\/wp-json\/wp\/v2\/types\/product"}],"replies":[{"embeddable":true,"href":"https:\/\/www.claresco-cosmetic.de\/kosmetik-shop\/wp-json\/wp\/v2\/comments?post=987478302"}],"wp:featuredmedia":[{"embeddable":true,"href":"https:\/\/www.claresco-cosmetic.de\/kosmetik-shop\/wp-json\/wp\/v2\/media\/987483534"}],"wp:attachment":[{"href":"https:\/\/www.claresco-cosmetic.de\/kosmetik-shop\/wp-json\/wp\/v2\/media?parent=987478302"}],"wp:term":[{"taxonomy":"product_brand","embeddable":true,"href":"https:\/\/www.claresco-cosmetic.de\/kosmetik-shop\/wp-json\/wp\/v2\/product_brand?post=987478302"},{"taxonomy":"product_cat","embeddable":true,"href":"https:\/\/www.claresco-cosmetic.de\/kosmetik-shop\/wp-json\/wp\/v2\/product_cat?post=987478302"},{"taxonomy":"product_tag","embeddable":true,"href":"https:\/\/www.claresco-cosmetic.de\/kosmetik-shop\/wp-json\/wp\/v2\/product_tag?post=987478302"}],"curies":[{"name":"wp","href":"https:\/\/api.w.org\/{rel}","templated":true}]}}