{"id":987478855,"date":"2023-03-05T21:26:47","date_gmt":"2023-03-05T20:26:47","guid":{"rendered":"https:\/\/www.claresco-cosmetic.de\/kosmetik-shop\/?post_type=product&#038;p=987478855"},"modified":"2025-07-26T20:52:06","modified_gmt":"2025-07-26T18:52:06","slug":"dream-tint-peach-brightener","status":"publish","type":"product","link":"https:\/\/www.claresco-cosmetic.de\/kosmetik-shop\/produkt\/dream-tint-peach-brightener\/","title":{"rendered":"Dream Tint &#8211; Peach Brightener"},"content":{"rendered":"<h5>Merkmale und Vorteile:<\/h5>\n<p>Diese get\u00f6nte Feuchtigkeitscreme ist \u00f6lfrei und enth\u00e4lt leichte Mineralien. Sie spendet nicht nur Feuchtigkeit und sorgt f\u00fcr eine hauchd\u00fcnne Abdeckung, sondern hilft auch, den hauteigenen Feuchtigkeitsgehalt zu bewahren.<\/p>\n<ul>\n<li>Sie beruhigt Entz\u00fcndungen und verbessert die Spannkraft der Haut, ist sehr wasserbest\u00e4ndig und bietet gleichzeitig einen LSF 15 sowie einen mittleren UVA-Schutz.<\/li>\n<li>Sie ist in verschiedenen Schattierungen erh\u00e4ltlich, was eine nahtlose Integration in eine Vielzahl von Hautt\u00f6nen gew\u00e4hrleistet.<\/li>\n<li>Schafft einen Weichzeichnereffekt, der feine Linien und gro\u00dfe Poren minimiert<\/li>\n<li>Kann allein als get\u00f6nte Feuchtigkeitscreme und als Sonnenschutz verwendet werden<\/li>\n<li>Dient als effektive Grundierung f\u00fcr Mineralienbasen<\/li>\n<\/ul>\n<h5><\/h5>\n<h5>Beschreibung:<\/h5>\n<p>Eine get\u00f6nte Feuchtigkeitscreme<\/p>\n<h5><\/h5>\n<h5>Wirkung:<\/h5>\n<p>Bietet bei LSF 15 und mittlerem UVA-Schutz eine hauchd\u00fcnne bis mittlere Abdeckung<\/p>\n<h5><\/h5>\n<h5>Inhaltsstoffe:<\/h5>\n<p>Vegan, Weizenfrei<\/p>\n<h5><\/h5>\n<h5>Hautkondition:<\/h5>\n<p>Rosacea, Unreine Haut, \u00d6lige \/ fettige Haut<\/p>\n","protected":false},"excerpt":{"rendered":"<p>Das <em>jane iredale<\/em> Dream Tint ist eine get\u00f6nte Tagescreme und dient als perfekte mineralische Grundierung. Gleichzeitig spendet sie Feuchtigkeit.<\/p>\n","protected":false},"featured_media":987478845,"comment_status":"open","ping_status":"closed","template":"","meta":{"_et_pb_use_builder":"off","_et_pb_old_content":"<strong>Anwendungsgebiete: <\/strong>\r\n\r\nAls Gesichtspackung wird masque verwendet bei allen Hautarten zur Straffung und Versch\u00f6nerung des Hautbildes.\r\nZur kurfristigen Therapie bei d\u00fcnner, empfindlicher Haut mit oberfl\u00e4chlichen Entz\u00fcndungen.\r\n\r\n<strong>Wirkungsweise:<\/strong>\r\n\r\nMasque erh\u00f6ht mit Hilfe der Lipacide RH (Lipoaminos\u00e4uren) die F\u00e4higkeit der Epidermis, den zullul\u00e4ren Wassergehalt stabil zu halten. Die Haut wird sichtbar straffer und elastischer. Lipacide RH wirkt gleichzeitig vorbeugend gegen bakterielle Entz\u00fcndungen.\r\n\r\n<strong>Anwendung<\/strong>:\r\n\r\nQuantit\u00e4t und Art der Anwendung sind nach dem individuellen und aktuellen Zustand der Haut festzulegen.\r\n\r\n<strong>Gegenanzeigen:<\/strong>\r\n\r\nDas Produkt sollte bei bekannter Campher-Unvertr\u00e4glichkeit nicht angewendet werden.\r\n\r\n\u00a0","_et_gb_content_width":""},"product_brand":[474],"product_cat":[366,220,129,83,86],"product_tag":[173,172,134],"class_list":{"0":"post-987478855","1":"product","2":"type-product","3":"status-publish","4":"has-post-thumbnail","6":"product_brand-jane-iredale","7":"product_cat-dream-tint-grundierung","8":"product_cat-mu-gesicht","9":"product_cat-mineralmakeup-gesicht","10":"product_cat-jane-iredale","11":"product_cat-make-up","12":"product_tag-make-up","13":"product_tag-tagescreme-getoent","14":"product_tag-teint","16":"first","17":"onbackorder","18":"taxable","19":"shipping-taxable","20":"purchasable","21":"product-type-simple"},"booking_location":null,"booking_location_type":null,"booking_duration":null,"booking_duration_unit":null,"booking_buffer":null,"booking_cost":null,"booking_resources":null,"exclude_global_add_ons":[],"addons":[],"_links":{"self":[{"href":"https:\/\/www.claresco-cosmetic.de\/kosmetik-shop\/wp-json\/wp\/v2\/product\/987478855","targetHints":{"allow":["GET"]}}],"collection":[{"href":"https:\/\/www.claresco-cosmetic.de\/kosmetik-shop\/wp-json\/wp\/v2\/product"}],"about":[{"href":"https:\/\/www.claresco-cosmetic.de\/kosmetik-shop\/wp-json\/wp\/v2\/types\/product"}],"replies":[{"embeddable":true,"href":"https:\/\/www.claresco-cosmetic.de\/kosmetik-shop\/wp-json\/wp\/v2\/comments?post=987478855"}],"wp:featuredmedia":[{"embeddable":true,"href":"https:\/\/www.claresco-cosmetic.de\/kosmetik-shop\/wp-json\/wp\/v2\/media\/987478845"}],"wp:attachment":[{"href":"https:\/\/www.claresco-cosmetic.de\/kosmetik-shop\/wp-json\/wp\/v2\/media?parent=987478855"}],"wp:term":[{"taxonomy":"product_brand","embeddable":true,"href":"https:\/\/www.claresco-cosmetic.de\/kosmetik-shop\/wp-json\/wp\/v2\/product_brand?post=987478855"},{"taxonomy":"product_cat","embeddable":true,"href":"https:\/\/www.claresco-cosmetic.de\/kosmetik-shop\/wp-json\/wp\/v2\/product_cat?post=987478855"},{"taxonomy":"product_tag","embeddable":true,"href":"https:\/\/www.claresco-cosmetic.de\/kosmetik-shop\/wp-json\/wp\/v2\/product_tag?post=987478855"}],"curies":[{"name":"wp","href":"https:\/\/api.w.org\/{rel}","templated":true}]}}