{"id":987484773,"date":"2024-04-25T16:39:48","date_gmt":"2024-04-25T14:39:48","guid":{"rendered":"https:\/\/www.claresco-cosmetic.de\/kosmetik-shop\/?post_type=product&#038;p=987484773"},"modified":"2026-03-20T14:13:11","modified_gmt":"2026-03-20T13:13:11","slug":"jakob-marie-schaum","status":"publish","type":"product","link":"https:\/\/www.claresco-cosmetic.de\/kosmetik-shop\/produkt\/jakob-marie-schaum\/","title":{"rendered":"Jakob &#038; Marie Schaum"},"content":{"rendered":"<p>Der Jakob &amp; Marie Schaum wurden speziell f\u00fcr die empfindliche Haut und Haare von Kindern und Babys entwickelt und enthalten daher besonders milde Inhaltsstoffe. Genauso ist der Schaum auch\u00a0 f\u00fcr Erwachsene mit empfindlicher Haut und d\u00fcnnem feinem Haar geeignet.<\/p>\n<h5>Anwendungsgebiete:<\/h5>\n<ul>\n<li>besonders d\u00fcnnes und empfindliches Haar<\/li>\n<li>bei empfindlicher Kopfhaut<\/li>\n<li>irritierter und gesch\u00e4digter Kopfhaut<\/li>\n<li>bei Neurodermitis<\/li>\n<\/ul>\n<p>&nbsp;<\/p>\n<h5>Anwendung:<\/h5>\n<p>Der Schaum kann als Shampoo und f\u00fcr den ganzen K\u00f6rper angewandt werden.<\/p>\n<p>&nbsp;<\/p>\n","protected":false},"excerpt":{"rendered":"<p>Eine besonders milder Schaum f\u00fcr Babys und Kinder, aber auch f\u00fcr Erwachsene mit d\u00fcnnem feinem Haar oder empfindlicher Haut geeignet.<\/p>\n","protected":false},"featured_media":987484775,"comment_status":"open","ping_status":"closed","template":"","meta":{"_et_pb_use_builder":"off","_et_pb_old_content":"<strong>Anwendungsgebiete:<\/strong>\r\n\r\nBei d\u00fcnner, trockener und sensibler Haut, bei St\u00f6rungen im Wasserhaushalt der Haut, sowie zur Intervalltherapie mit phase 2 aktive regeneration.\r\n\r\n\u00a0\r\n\r\n<strong>Wirkungsweise:<\/strong>\r\n\r\nphase 2 intervall bindet \u00fcber l\u00e4ngere Zeit Fett und Feuchtigkeit in den \u00e4u\u00dferen Hautschichten. Die Wiederherstellung des Gleichgewichtes im Wasserhaushalt der Haut wird mit Hilfe des Mineralstoffkomplexes und Hyalurons\u00e4ure unterst\u00fctzt. Besonders effektiv ist phase 2 intervall auch bei Verhornungsst\u00f6rungen und \u00dcberverhornung.\r\n\r\n\u00a0\r\n\r\n<strong>Anwendung:<\/strong>\r\n\r\nMenge, Einwirkungszeit und H\u00e4ufigkeit der Anwendung ist nach dem individuellen und aktuellen Hautzustand festzulegen.\r\n\r\n\u00a0\r\n\r\n<strong>Gegenanzeigen:<\/strong>\r\n\r\nBei bekannter Unvertr\u00e4glichkeit von Avocado-\u00d6l sollte das Produkt nicht verwendet werden.\r\n\r\n<span style=\"font-weight: bold\">\u00a0<\/span>","_et_gb_content_width":""},"product_brand":[472],"product_cat":[372,84,210,98,85,89,212,43],"product_tag":[353,354,352,291,307],"class_list":{"0":"post-987484773","1":"product","2":"type-product","3":"status-publish","4":"has-post-thumbnail","6":"product_brand-rosel-heim","7":"product_cat-alle-rosel-heim-produkte","8":"product_cat-gesicht","9":"product_cat-gesichtspflege","10":"product_cat-kinderpflege-jakob-marie","11":"product_cat-koerper","12":"product_cat-rh-reinigung","13":"product_cat-reinigung","14":"product_cat-rosel-heim","15":"product_tag-babyhaut","16":"product_tag-hautprobleme","17":"product_tag-kinderpflege","18":"product_tag-neurodermitis","19":"product_tag-shampoo","21":"first","22":"instock","23":"taxable","24":"shipping-taxable","25":"purchasable","26":"product-type-simple"},"booking_location":null,"booking_location_type":null,"booking_duration":null,"booking_duration_unit":null,"booking_buffer":null,"booking_cost":null,"booking_resources":null,"exclude_global_add_ons":[],"addons":[],"_links":{"self":[{"href":"https:\/\/www.claresco-cosmetic.de\/kosmetik-shop\/wp-json\/wp\/v2\/product\/987484773","targetHints":{"allow":["GET"]}}],"collection":[{"href":"https:\/\/www.claresco-cosmetic.de\/kosmetik-shop\/wp-json\/wp\/v2\/product"}],"about":[{"href":"https:\/\/www.claresco-cosmetic.de\/kosmetik-shop\/wp-json\/wp\/v2\/types\/product"}],"replies":[{"embeddable":true,"href":"https:\/\/www.claresco-cosmetic.de\/kosmetik-shop\/wp-json\/wp\/v2\/comments?post=987484773"}],"wp:featuredmedia":[{"embeddable":true,"href":"https:\/\/www.claresco-cosmetic.de\/kosmetik-shop\/wp-json\/wp\/v2\/media\/987484775"}],"wp:attachment":[{"href":"https:\/\/www.claresco-cosmetic.de\/kosmetik-shop\/wp-json\/wp\/v2\/media?parent=987484773"}],"wp:term":[{"taxonomy":"product_brand","embeddable":true,"href":"https:\/\/www.claresco-cosmetic.de\/kosmetik-shop\/wp-json\/wp\/v2\/product_brand?post=987484773"},{"taxonomy":"product_cat","embeddable":true,"href":"https:\/\/www.claresco-cosmetic.de\/kosmetik-shop\/wp-json\/wp\/v2\/product_cat?post=987484773"},{"taxonomy":"product_tag","embeddable":true,"href":"https:\/\/www.claresco-cosmetic.de\/kosmetik-shop\/wp-json\/wp\/v2\/product_tag?post=987484773"}],"curies":[{"name":"wp","href":"https:\/\/api.w.org\/{rel}","templated":true}]}}