{"id":987486170,"date":"2024-07-29T14:58:49","date_gmt":"2024-07-29T12:58:49","guid":{"rendered":"https:\/\/www.claresco-cosmetic.de\/kosmetik-shop\/?post_type=product&#038;p=987486170"},"modified":"2026-04-25T22:44:41","modified_gmt":"2026-04-25T20:44:41","slug":"koerpercreme-sommer","status":"publish","type":"product","link":"https:\/\/www.claresco-cosmetic.de\/kosmetik-shop\/produkt\/koerpercreme-sommer\/","title":{"rendered":"K\u00f6rpercreme Sommer"},"content":{"rendered":"<h5>Anwendungsgebiet:<\/h5>\n<p>Die Sommer K\u00f6rpercreme erzeugt ein besonders weiches und seidiges Hautgef\u00fchl. Zum Schutz, zur Regenerierung und zur Unterst\u00fctzung des Hautstoffwechsels.<\/p>\n<p>&nbsp;<\/p>\n<h5>Wirkungsweise:<\/h5>\n<p>Die \u00d6l in Wasser Emulsion wirkt k\u00fchlend. Squalan\u00f6l (gewonnen aus Oliven\u00f6l) wird vollst\u00e4ndig von der Haut aufgenommen und verarbeitet.<\/p>\n<p>D-Panthenol unterst\u00fctzt die Schutzfunktion der Epidermis und spielt eine wichtige Rolle im Hautstoffwechsel und bei der Wundheilung.<\/p>\n<p>Die Sommer K\u00f6rpercreme hat eine besonders wertvolle mediterrane Parf\u00fcmierung. Die balsamische Grundnote aus Feigenholz und Zedernholz wird erg\u00e4nzt durch die Herznote aus Feige und Jasmin. Die Kopfnote erfrischt durch den Duft von mediteranen Agrumen<\/p>\n<p>&nbsp;<\/p>\n<h5>Anwendung:<\/h5>\n<p>Nach dem Duschen oder Baden in die feuchte Haut auftragen und leicht einmassieren.<\/p>\n<p>&nbsp;<\/p>\n<h5>Gegenanzeigen:<\/h5>\n<p>Sommer K\u00f6rpercreme sollte nicht angewendet werden bei bekannter Unvertr\u00e4glichkeit von D-Panthenol<\/p>\n","protected":false},"excerpt":{"rendered":"<p>Die Sommer K\u00f6rpercreme k\u00fchlt, regeneriert und verbessert die Spannkraft der Haut. Mit einer besonders wertvollen mediterranen Duftnote.<\/p>\n","protected":false},"featured_media":987486171,"comment_status":"open","ping_status":"closed","template":"","meta":{"_et_pb_use_builder":"off","_et_pb_old_content":"<strong>Anwendungsgebiete:<\/strong>\r\n\r\nAls K\u00f6rper\u00f6l zur Hautpflege und bei sehr empfindlicher Haut kann Squalan\u00f6l auch zur Reinigung der Haut verwendet werden.\r\n\r\n<strong>Wirkungsweise:<\/strong>\r\n\r\nSqualan\u00f6l ist ein hochwirksames hautidentisches \u00d6l, das von der Haut vollst\u00e4ndig verwertet wird. Es entspricht dem \u00f6ligen Anteil der nat\u00fcrlichen Hautlipide.\r\n\r\n<span style=\"font-weight: bold\">Anwendung:<\/span>\r\n\r\nSqualan\u00f6l sollte auf Grund der hochwirksamen Inhaltsstoffe immer verd\u00fcnnt auf die Haut gebracht werden. Wenige Tropfen ins Badewasser oder auf einen nassen Waschhandschuh reichen aus, um die hautpflegende Wirkung zu erreichen..","_et_gb_content_width":""},"product_brand":[472],"product_cat":[372,95,85,213,43],"product_tag":[203,56,202,364],"class_list":{"0":"post-987486170","1":"product","2":"type-product","3":"status-publish","4":"has-post-thumbnail","6":"product_brand-rosel-heim","7":"product_cat-alle-rosel-heim-produkte","8":"product_cat-rh-body-line","9":"product_cat-koerper","10":"product_cat-koerperpflege","11":"product_cat-rosel-heim","12":"product_tag-bodylotion","13":"product_tag-creme","14":"product_tag-koerper","15":"product_tag-koerpercreme","17":"first","18":"instock","19":"taxable","20":"shipping-taxable","21":"purchasable","22":"product-type-simple"},"booking_location":null,"booking_location_type":null,"booking_duration":null,"booking_duration_unit":null,"booking_buffer":null,"booking_cost":null,"booking_resources":null,"exclude_global_add_ons":[],"addons":[],"_links":{"self":[{"href":"https:\/\/www.claresco-cosmetic.de\/kosmetik-shop\/wp-json\/wp\/v2\/product\/987486170","targetHints":{"allow":["GET"]}}],"collection":[{"href":"https:\/\/www.claresco-cosmetic.de\/kosmetik-shop\/wp-json\/wp\/v2\/product"}],"about":[{"href":"https:\/\/www.claresco-cosmetic.de\/kosmetik-shop\/wp-json\/wp\/v2\/types\/product"}],"replies":[{"embeddable":true,"href":"https:\/\/www.claresco-cosmetic.de\/kosmetik-shop\/wp-json\/wp\/v2\/comments?post=987486170"}],"wp:featuredmedia":[{"embeddable":true,"href":"https:\/\/www.claresco-cosmetic.de\/kosmetik-shop\/wp-json\/wp\/v2\/media\/987486171"}],"wp:attachment":[{"href":"https:\/\/www.claresco-cosmetic.de\/kosmetik-shop\/wp-json\/wp\/v2\/media?parent=987486170"}],"wp:term":[{"taxonomy":"product_brand","embeddable":true,"href":"https:\/\/www.claresco-cosmetic.de\/kosmetik-shop\/wp-json\/wp\/v2\/product_brand?post=987486170"},{"taxonomy":"product_cat","embeddable":true,"href":"https:\/\/www.claresco-cosmetic.de\/kosmetik-shop\/wp-json\/wp\/v2\/product_cat?post=987486170"},{"taxonomy":"product_tag","embeddable":true,"href":"https:\/\/www.claresco-cosmetic.de\/kosmetik-shop\/wp-json\/wp\/v2\/product_tag?post=987486170"}],"curies":[{"name":"wp","href":"https:\/\/api.w.org\/{rel}","templated":true}]}}