{"id":987488376,"date":"2024-12-01T18:52:18","date_gmt":"2024-12-01T17:52:18","guid":{"rendered":"https:\/\/www.claresco-cosmetic.de\/kosmetik-shop\/?post_type=product&#038;p=987488376"},"modified":"2026-04-13T19:56:45","modified_gmt":"2026-04-13T17:56:45","slug":"haut-optimierer","status":"publish","type":"product","link":"https:\/\/www.claresco-cosmetic.de\/kosmetik-shop\/produkt\/haut-optimierer\/","title":{"rendered":"HAUT-Optimierer"},"content":{"rendered":"<h5>Optimal angepasst<\/h5>\n<p>Eine optimal angepasste Pflege respektiert die nat\u00fcrlichen Abl\u00e4ufe Ihrer Haut und ber\u00fccksichtigt die Einfl\u00fcsse, denen sie im Alltag ausgesetzt ist. Mit der Zeit ver\u00e4ndert sich unsere Haut \u2013 und damit auch die Anspr\u00fcche an die Pflegeprodukte. In diesem Termin pr\u00fcfen wir gemeinsam, ob Ihre aktuelle Pflegeroutine noch zu Ihrem Hautzustand passt und wo kleine Anpassungen einen gro\u00dfen Unterschied machen k\u00f6nnen.<\/p>\n<p>&nbsp;<\/p>\n<h5>F\u00fcr wen ist dieses Arrangement geeignet:<\/h5>\n<ul>\n<li>Sie benutzen bereits Produkte von Rosel Heim und m\u00f6chten wissen, ob Ihre Auswahl noch optimal zu Ihrem aktuellen Pflegebedarf passt.<\/li>\n<li>Sie kennen die Produkte von Rosel Heim, haben aber eine Zeit lang pausiert und m\u00f6chten jetzt wieder gut begleitet einsteigen.<\/li>\n<li>Sie w\u00fcnschen sich eine fachkundige Einsch\u00e4tzung, wie Sie Ihre bestehende Pflegeroutine verfeinern k\u00f6nnen, ohne alles komplett umzustellen.<\/li>\n<\/ul>\n<p>&nbsp;<\/p>\n<h5>Ablauf<\/h5>\n<ul>\n<li>Buchen Sie Ihren Wunschtermin und Ihre Option.<\/li>\n<li>Sie erhalten von uns eine Terminbest\u00e4tigung und eine Begr\u00fc\u00dfungs-Email mit weiteren Details.<\/li>\n<li>Rechtzeitig zum Termin kontaktieren wir Sie je nach gew\u00e4hlter Kontaktart.<\/li>\n<li>Alles weitere besprechen wir pers\u00f6nlich. Wir freuen uns Sie auf Ihrem Weg zur gesunden Wohlf\u00fchlhaut begleiten zu d\u00fcrfen!<\/li>\n<\/ul>\n","protected":false},"excerpt":{"rendered":"<p>Ein Beratungstermin zur Feinabstimmung Ihrer Pflegeroutine \u2013 ideal, wenn Sie schon mit Rosel Heim Produkten arbeiten, Fragen kl\u00e4ren wollen oder Ihre Hautpflege gezielt optimieren m\u00f6chten.<\/p>\n","protected":false},"featured_media":987500049,"comment_status":"open","ping_status":"closed","template":"","meta":{"_et_pb_use_builder":"off","_et_pb_old_content":"<strong>Dieser Service beinhaltet:<\/strong>\r\n<ul>\r\n \t<li>\u00dcbergang bestehender Nagelmodellage feilen<\/li>\r\n \t<li>in Form feilen<\/li>\r\n \t<li>Nagelhaut entfernen<\/li>\r\n \t<li>Gel\u00fcberzug \/ Rebalancierung in Frenchoptik oder mit Glitzer\u00fcberzug<\/li>\r\n \t<li>Hand & Nagelpflege<\/li>\r\n<\/ul>","_et_gb_content_width":""},"product_brand":[],"product_cat":[117,81],"product_tag":[406,407,408],"class_list":{"0":"post-987488376","1":"product","2":"type-product","3":"status-publish","4":"has-post-thumbnail","6":"product_cat-beratung-coaching","7":"product_cat-termine","8":"product_tag-hautberatung","9":"product_tag-hautsprechstunde","10":"product_tag-pflegekonzept","12":"first","13":"instock","14":"virtual","15":"sold-individually","16":"taxable","17":"purchasable","18":"product-type-booking"},"booking_location":"","booking_location_type":"","booking_duration":20,"booking_duration_unit":"minute","booking_buffer":5,"booking_cost":69,"booking_resources":[987471011],"exclude_global_add_ons":false,"addons":[{"name":"Ich w\u00fcnsche den Termin","type":"multiple_choice","position":0,"required":true,"title_format":"label","default":"","description_enable":false,"description":"","placeholder_enable":false,"placeholder":"","display":"select","restrictions_type":"any_text","adjust_price":false,"price":"","price_type":"flat_fee","restrictions":false,"min":"0","max":"0","options":[{"label":"Online visuell","price":"","price_type":"flat_fee","image":0,"visibility":true},{"label":"Telefonisch","price":"","price_type":"flat_fee","image":0,"visibility":true}],"id":1709111711}],"_links":{"self":[{"href":"https:\/\/www.claresco-cosmetic.de\/kosmetik-shop\/wp-json\/wp\/v2\/product\/987488376","targetHints":{"allow":["GET"]}}],"collection":[{"href":"https:\/\/www.claresco-cosmetic.de\/kosmetik-shop\/wp-json\/wp\/v2\/product"}],"about":[{"href":"https:\/\/www.claresco-cosmetic.de\/kosmetik-shop\/wp-json\/wp\/v2\/types\/product"}],"replies":[{"embeddable":true,"href":"https:\/\/www.claresco-cosmetic.de\/kosmetik-shop\/wp-json\/wp\/v2\/comments?post=987488376"}],"wp:featuredmedia":[{"embeddable":true,"href":"https:\/\/www.claresco-cosmetic.de\/kosmetik-shop\/wp-json\/wp\/v2\/media\/987500049"}],"wp:attachment":[{"href":"https:\/\/www.claresco-cosmetic.de\/kosmetik-shop\/wp-json\/wp\/v2\/media?parent=987488376"}],"wp:term":[{"taxonomy":"product_brand","embeddable":true,"href":"https:\/\/www.claresco-cosmetic.de\/kosmetik-shop\/wp-json\/wp\/v2\/product_brand?post=987488376"},{"taxonomy":"product_cat","embeddable":true,"href":"https:\/\/www.claresco-cosmetic.de\/kosmetik-shop\/wp-json\/wp\/v2\/product_cat?post=987488376"},{"taxonomy":"product_tag","embeddable":true,"href":"https:\/\/www.claresco-cosmetic.de\/kosmetik-shop\/wp-json\/wp\/v2\/product_tag?post=987488376"}],"curies":[{"name":"wp","href":"https:\/\/api.w.org\/{rel}","templated":true}]}}